{"id":8120,"date":"2020-12-12T01:20:53","date_gmt":"2020-12-12T00:20:53","guid":{"rendered":"https:\/\/timoore.com.pl\/?post_type=product&#038;p=8120"},"modified":"2020-12-12T01:26:13","modified_gmt":"2020-12-12T00:26:13","slug":"stolik-callin","status":"publish","type":"product","link":"https:\/\/timoore.eu\/en\/k\/kolekcja-callin\/stolik-callin\/","title":{"rendered":"Stolik CALLin"},"content":{"rendered":"<p>Stolik CALLin na metalowych nogach \u2013 p\u0142ozach idealnie wpisuje si\u0119 w najnowsze, \u015bwiatowe trendy. Ten uniwersalny mebel nie tylko wpasowuje si\u0119 do \u015brodka roz\u0142o\u017conej sofy z tej samej linii, tworz\u0105c tym samym idealne miejsce do przyjmowania go\u015bci. Dzi\u0119ki uniwersalnemu dizajnowi CALLin r\u00f3wnie\u017c \u015bwietnie sprawdzi si\u0119 jako samodzielny mebel w ka\u017cdym rodzaju wn\u0119trza. Dla jeszcze lepszego efektu, do stolika s\u0105 dedykowane specjalne nak\u0142adki tapicerowane.<\/p>\n<p>Tkanina, kt\u00f3r\u0105 dobierzesz, nada wn\u0119trzu jeszcze bardziej zindywidualizowanego charakteru. Ozdobna tapicerka w efektowny spos\u00f3b zabezpieczy blat przed ewentualnymi uszkodzeniami, a najm\u0142odszych u\u017cytkownik\u00f3w mebla uchroni przed ostrymi kantami.<\/p>","protected":false},"excerpt":{"rendered":"<p>Stolik CALLin na metalowych nogach \u2013 p\u0142ozach idealnie wpisuje si\u0119 w najnowsze, \u015bwiatowe trendy. Ten uniwersalny mebel nie tylko wpasowuje si\u0119 do \u015brodka roz\u0142o\u017conej sofy z tej samej linii, tworz\u0105c tym samym idealne miejsce do przyjmowania go\u015bci. Dzi\u0119ki uniwersalnemu dizajnowi [&hellip;]<\/p>","protected":false},"featured_media":8121,"template":"","meta":{"inline_featured_image":false},"yoast_head":"<!-- This site is optimized with the Yoast SEO plugin v15.5 - https:\/\/yoast.com\/wordpress\/plugins\/seo\/ -->\n<title>Stolik CALLin - Timoore<\/title>\n<meta name=\"robots\" content=\"index, follow, max-snippet:-1, max-image-preview:large, max-video-preview:-1\" \/>\n<link rel=\"canonical\" href=\"https:\/\/timoore.eu\/en\/k\/kolekcja-callin\/stolik-callin\/\" \/>\n<meta property=\"og:locale\" content=\"en_GB\" \/>\n<meta property=\"og:type\" content=\"article\" \/>\n<meta property=\"og:title\" content=\"Stolik CALLin - Timoore\" \/>\n<meta property=\"og:description\" content=\"Stolik CALLin na metalowych nogach \u2013 p\u0142ozach idealnie wpisuje si\u0119 w najnowsze, \u015bwiatowe trendy. Ten uniwersalny mebel nie tylko wpasowuje si\u0119 do \u015brodka roz\u0142o\u017conej sofy z tej samej linii, tworz\u0105c tym samym idealne miejsce do przyjmowania go\u015bci. Dzi\u0119ki uniwersalnemu dizajnowi [&hellip;]\" \/>\n<meta property=\"og:url\" content=\"https:\/\/timoore.eu\/en\/k\/kolekcja-callin\/stolik-callin\/\" \/>\n<meta property=\"og:site_name\" content=\"Timoore\" \/>\n<meta property=\"article:publisher\" content=\"https:\/\/www.facebook.com\/MebleABSYNTH\" \/>\n<meta property=\"article:modified_time\" content=\"2020-12-12T00:26:13+00:00\" \/>\n<meta property=\"og:image\" content=\"https:\/\/timoore.eu\/wp-content\/uploads\/2020\/12\/TIMOORE-CALLIN-T09-05-GR-BLA_mini.jpg\" \/>\n\t<meta property=\"og:image:width\" content=\"499\" \/>\n\t<meta property=\"og:image:height\" content=\"352\" \/>\n<meta name=\"twitter:card\" content=\"summary_large_image\" \/>\n<meta name=\"twitter:label1\" content=\"Estimated reading time\">\n\t<meta name=\"twitter:data1\" content=\"0 minutes\">\n<script type=\"application\/ld+json\" class=\"yoast-schema-graph\">{\"@context\":\"https:\/\/schema.org\",\"@graph\":[{\"@type\":\"WebSite\",\"@id\":\"https:\/\/timoore.eu\/pl\/#website\",\"url\":\"https:\/\/timoore.eu\/pl\/\",\"name\":\"Timoore\",\"description\":\"Meble tworz\\u0105 wn\\u0119trze\",\"potentialAction\":[{\"@type\":\"SearchAction\",\"target\":\"https:\/\/timoore.eu\/pl\/?s={search_term_string}\",\"query-input\":\"required name=search_term_string\"}],\"inLanguage\":\"en-GB\"},{\"@type\":\"ImageObject\",\"@id\":\"https:\/\/timoore.eu\/k\/kolekcja-callin\/stolik-callin\/#primaryimage\",\"inLanguage\":\"en-GB\",\"url\":\"https:\/\/timoore.eu\/wp-content\/uploads\/2020\/12\/TIMOORE-CALLIN-T09-05-GR-BLA_mini.jpg\",\"width\":499,\"height\":352,\"caption\":\"Stolik CALLin\"},{\"@type\":\"WebPage\",\"@id\":\"https:\/\/timoore.eu\/k\/kolekcja-callin\/stolik-callin\/#webpage\",\"url\":\"https:\/\/timoore.eu\/k\/kolekcja-callin\/stolik-callin\/\",\"name\":\"Stolik CALLin - Timoore\",\"isPartOf\":{\"@id\":\"https:\/\/timoore.eu\/pl\/#website\"},\"primaryImageOfPage\":{\"@id\":\"https:\/\/timoore.eu\/k\/kolekcja-callin\/stolik-callin\/#primaryimage\"},\"datePublished\":\"2020-12-12T00:20:53+00:00\",\"dateModified\":\"2020-12-12T00:26:13+00:00\",\"inLanguage\":\"en-GB\",\"potentialAction\":[{\"@type\":\"ReadAction\",\"target\":[\"https:\/\/timoore.eu\/k\/kolekcja-callin\/stolik-callin\/\"]}]}]}<\/script>\n<!-- \/ Yoast SEO plugin. -->","_links":{"self":[{"href":"https:\/\/timoore.eu\/en\/wp-json\/wp\/v2\/product\/8120"}],"collection":[{"href":"https:\/\/timoore.eu\/en\/wp-json\/wp\/v2\/product"}],"about":[{"href":"https:\/\/timoore.eu\/en\/wp-json\/wp\/v2\/types\/product"}],"wp:featuredmedia":[{"embeddable":true,"href":"https:\/\/timoore.eu\/en\/wp-json\/wp\/v2\/media\/8121"}],"wp:attachment":[{"href":"https:\/\/timoore.eu\/en\/wp-json\/wp\/v2\/media?parent=8120"}],"curies":[{"name":"wp","href":"https:\/\/api.w.org\/{rel}","templated":true}]}}