{"id":8592,"date":"2020-12-29T12:02:24","date_gmt":"2020-12-29T11:02:24","guid":{"rendered":"https:\/\/timoore.com.pl\/?post_type=product&#038;p=8592"},"modified":"2020-12-29T12:06:19","modified_gmt":"2020-12-29T11:06:19","slug":"komoda-dwuszufladowa","status":"publish","type":"product","link":"https:\/\/timoore.eu\/en\/k\/kolekcja-elle\/komoda-dwuszufladowa\/","title":{"rendered":"Komoda dwuszufladowa"},"content":{"rendered":"","protected":false},"excerpt":{"rendered":"<p><strong>oznaczenie produktu:<\/strong><br \/>\nT08-02-B<br \/>\nT08-02-G<br \/>\n&nbsp;<br \/>\nTrzy to za du\u017co? Mo\u017ce wystarcz\u0105 Ci dwie szuflady! Ten mebel poprzez swoj\u0105 nienarzucaj\u0105c\u0105 si\u0119 stylistyk\u0119 jest alternatyw\u0105 dla innych, bogato zdobionych kom\u00f3d proponowanych na rynku. Jego prosta a zarazem elegancka forma doskonale wpisuje si\u0119 w panuj\u0105cy obecnie w meblarstwie trend lansuj\u0105cy  naturalno\u015b\u0107 i biel, powi\u0119kszaj\u0105c\u0105 optycznie ka\u017cde pomieszczenie.<\/p>\n<p>Dodaj do tego inne bry\u0142y z kolekcji ELLE  i masz doskona\u0142\u0105 baz\u0119 do stworzenia wn\u0119trza na miar\u0119 marze\u0144 Twojego dziecka!<\/p>\n<p>Korpus komody wykonany jest z p\u0142yty wi\u00f3rowej, melaminowanej, fronty wykonane s\u0105 z lakierowanych p\u0142yt MDF i HDF. Podstawa zrobiona z drewna bukowego wyst\u0119puje w dw\u00f3ch wersjach: lakierowanej bezbarwnie oraz w kolorze popielatym.<br \/>\n&nbsp;<br \/>\n<strong>G\u0142\u00f3wne cechy:<\/strong><\/p>\n<ul>\n<li>dwie opcje koloru n\u00f3g do wyboru\/li>\n<li>dwie pojemne szuflady  wyposa\u017cone w prowadnice kulkowe z domykiem<\/li>\n<li>we wn\u0119trzu komoda sprawdzi si\u0119 zar\u00f3wno jako uzupe\u0142nienie innych bry\u0142 z kolekcji ELLE, jak i samodzielny element <\/li>\n<\/ul>\n<table class=\"timoore-furniture-size\">\n<tr>\n<td>wysoko\u015b\u0107:<\/td>\n<td>69 cm<\/td>\n<\/tr>\n<tr>\n<td>szeroko\u015b\u0107:<\/td>\n<td>80 cm<\/td>\n<\/tr>\n<tr>\n<td>g\u0142\u0119boko\u015b\u0107:<\/td>\n<td>45 cm<\/td>\n<\/tr>\n<tr>\n<td>kolorystyka:<\/td>\n<td>bia\u0142y + szary\/buk<\/td>\n<\/tr>\n<\/table>\n<div class=\"timoore-remarks\">\n<div class=\"timoore-remarks-inner\">\n<strong>Uwagi<\/strong><br \/>\nProdukt do samodzielnego monta\u017cu.<br \/>\nProducent zastrzega sobie prawo do zmiany wymiar\u00f3w produktu.\n<\/div>\n<\/div>","protected":false},"featured_media":8593,"template":"","meta":{"inline_featured_image":false},"yoast_head":"<!-- This site is optimized with the Yoast SEO plugin v15.5 - https:\/\/yoast.com\/wordpress\/plugins\/seo\/ -->\n<title>Komoda dwuszufladowa - Timoore<\/title>\n<meta name=\"robots\" content=\"index, follow, max-snippet:-1, max-image-preview:large, max-video-preview:-1\" \/>\n<link rel=\"canonical\" href=\"https:\/\/timoore.eu\/en\/k\/kolekcja-elle\/komoda-dwuszufladowa\/\" \/>\n<meta property=\"og:locale\" content=\"en_GB\" \/>\n<meta property=\"og:type\" content=\"article\" \/>\n<meta property=\"og:title\" content=\"Komoda dwuszufladowa - Timoore\" \/>\n<meta property=\"og:description\" content=\"oznaczenie produktu: T08-02-B T08-02-G &nbsp; Trzy to za du\u017co? Mo\u017ce wystarcz\u0105 Ci dwie szuflady! Ten mebel poprzez swoj\u0105 nienarzucaj\u0105c\u0105 si\u0119 stylistyk\u0119 jest alternatyw\u0105 dla innych, bogato zdobionych kom\u00f3d proponowanych na rynku. Jego prosta a zarazem elegancka forma doskonale wpisuje si\u0119 w panuj\u0105cy obecnie w meblarstwie trend lansuj\u0105cy naturalno\u015b\u0107 i biel, powi\u0119kszaj\u0105c\u0105 optycznie ka\u017cde pomieszczenie.  Dodaj do tego inne bry\u0142y z kolekcji ELLE i masz doskona\u0142\u0105 baz\u0119 do stworzenia wn\u0119trza na miar\u0119 marze\u0144 Twojego dziecka!  Korpus komody wykonany jest z p\u0142yty wi\u00f3rowej, melaminowanej, fronty wykonane s\u0105 z lakierowanych p\u0142yt MDF i HDF. Podstawa zrobiona z drewna bukowego wyst\u0119puje w dw\u00f3ch wersjach: lakierowanej bezbarwnie oraz w kolorze popielatym. &nbsp; G\u0142\u00f3wne cechy:   dwie opcje koloru n\u00f3g do wyboru\/li&gt;  dwie pojemne szuflady wyposa\u017cone w prowadnice kulkowe z domykiem  we wn\u0119trzu komoda sprawdzi si\u0119 zar\u00f3wno jako uzupe\u0142nienie innych bry\u0142 z kolekcji ELLE, jak i samodzielny element     wysoko\u015b\u0107:69 cm szeroko\u015b\u0107:80 cm g\u0142\u0119boko\u015b\u0107:45 cm kolorystyka:bia\u0142y + szary\/buk    Uwagi Produkt do samodzielnego monta\u017cu. Producent zastrzega sobie prawo do zmiany wymiar\u00f3w produktu.\" \/>\n<meta property=\"og:url\" content=\"https:\/\/timoore.eu\/en\/k\/kolekcja-elle\/komoda-dwuszufladowa\/\" \/>\n<meta property=\"og:site_name\" content=\"Timoore\" \/>\n<meta property=\"article:publisher\" content=\"https:\/\/www.facebook.com\/MebleABSYNTH\" \/>\n<meta property=\"article:modified_time\" content=\"2020-12-29T11:06:19+00:00\" \/>\n<meta property=\"og:image\" content=\"https:\/\/timoore.eu\/wp-content\/uploads\/2020\/12\/T08-02_big.jpg\" \/>\n\t<meta property=\"og:image:width\" content=\"800\" \/>\n\t<meta property=\"og:image:height\" content=\"600\" \/>\n<meta name=\"twitter:card\" content=\"summary_large_image\" \/>\n<script type=\"application\/ld+json\" class=\"yoast-schema-graph\">{\"@context\":\"https:\/\/schema.org\",\"@graph\":[{\"@type\":\"WebSite\",\"@id\":\"https:\/\/timoore.eu\/pl\/#website\",\"url\":\"https:\/\/timoore.eu\/pl\/\",\"name\":\"Timoore\",\"description\":\"Meble tworz\\u0105 wn\\u0119trze\",\"potentialAction\":[{\"@type\":\"SearchAction\",\"target\":\"https:\/\/timoore.eu\/pl\/?s={search_term_string}\",\"query-input\":\"required name=search_term_string\"}],\"inLanguage\":\"en-GB\"},{\"@type\":\"ImageObject\",\"@id\":\"https:\/\/timoore.eu\/k\/kolekcja-elle\/komoda-dwuszufladowa\/#primaryimage\",\"inLanguage\":\"en-GB\",\"url\":\"https:\/\/timoore.eu\/wp-content\/uploads\/2020\/12\/T08-02_big.jpg\",\"width\":800,\"height\":600,\"caption\":\"ELLE - komoda dwuszufladowa\"},{\"@type\":\"WebPage\",\"@id\":\"https:\/\/timoore.eu\/k\/kolekcja-elle\/komoda-dwuszufladowa\/#webpage\",\"url\":\"https:\/\/timoore.eu\/k\/kolekcja-elle\/komoda-dwuszufladowa\/\",\"name\":\"Komoda dwuszufladowa - Timoore\",\"isPartOf\":{\"@id\":\"https:\/\/timoore.eu\/pl\/#website\"},\"primaryImageOfPage\":{\"@id\":\"https:\/\/timoore.eu\/k\/kolekcja-elle\/komoda-dwuszufladowa\/#primaryimage\"},\"datePublished\":\"2020-12-29T11:02:24+00:00\",\"dateModified\":\"2020-12-29T11:06:19+00:00\",\"inLanguage\":\"en-GB\",\"potentialAction\":[{\"@type\":\"ReadAction\",\"target\":[\"https:\/\/timoore.eu\/k\/kolekcja-elle\/komoda-dwuszufladowa\/\"]}]}]}<\/script>\n<!-- \/ Yoast SEO plugin. -->","_links":{"self":[{"href":"https:\/\/timoore.eu\/en\/wp-json\/wp\/v2\/product\/8592"}],"collection":[{"href":"https:\/\/timoore.eu\/en\/wp-json\/wp\/v2\/product"}],"about":[{"href":"https:\/\/timoore.eu\/en\/wp-json\/wp\/v2\/types\/product"}],"wp:featuredmedia":[{"embeddable":true,"href":"https:\/\/timoore.eu\/en\/wp-json\/wp\/v2\/media\/8593"}],"wp:attachment":[{"href":"https:\/\/timoore.eu\/en\/wp-json\/wp\/v2\/media?parent=8592"}],"curies":[{"name":"wp","href":"https:\/\/api.w.org\/{rel}","templated":true}]}}