{"id":8653,"date":"2020-12-29T13:15:12","date_gmt":"2020-12-29T12:15:12","guid":{"rendered":"https:\/\/timoore.com.pl\/?post_type=product&#038;p=8653"},"modified":"2020-12-29T13:18:50","modified_gmt":"2020-12-29T12:18:50","slug":"biurko-4","status":"publish","type":"product","link":"https:\/\/timoore.eu\/en\/k\/kolekcja-elle\/biurko-4\/","title":{"rendered":"Biurko"},"content":{"rendered":"","protected":false},"excerpt":{"rendered":"<p><strong>oznaczenie produktu:<\/strong><br \/>\nT08-15-B<br \/>\nT08-15-G<br \/>\n&nbsp;<br \/>\nProste biurko o delikatnej formie b\u0119dzie doskona\u0142ym uzupe\u0142nieniem innych bry\u0142 z kolekcji ELLE. Posiada kontenerek i wewn\u0119trzn\u0105 p\u00f3\u0142k\u0119. Biurko przeznaczone jest dla dzieci w wieku szkolnym. Pasuje zar\u00f3wno do pokoiku ch\u0142opca, jak i dziewczynki.<br \/>\n&nbsp;<br \/>\nKorpus oraz blat biurka wykonane s\u0105 z p\u0142yty wi\u00f3rowej, melaminowanej, fronty wykonane s\u0105 z lakierowanych p\u0142yt MDF i HDF. Podstawa zrobiona z drewna bukowego wyst\u0119puje w dw\u00f3ch wersjach: lakierowanej bezbarwnie oraz w kolorze popielatym.<br \/>\n&nbsp;<\/p>\n<p><strong>G\u0142\u00f3wne cechy:<\/strong><\/p>\n<ul>\n<li>dwa kolory n\u00f3g do wyboru<\/li>\n<li>pojemna p\u00f3\u0142ka w \u015brodku kontenera<\/li>\n<li>sprawdzi si\u0119 zar\u00f3wno jako pojedyncza bry\u0142a, jak i mebel uzupe\u0142niaj\u0105cy kolekcj\u0119 Elle<\/li>\n<\/ul>\n<table class=\"timoore-furniture-size\">\n<tbody>\n<tr>\n<td>wysoko\u015b\u0107:<\/td>\n<td>74 cm<\/td>\n<\/tr>\n<tr>\n<td>szeroko\u015b\u0107:<\/td>\n<td>120 cm<\/td>\n<\/tr>\n<tr>\n<td>g\u0142\u0119boko\u015b\u0107:<\/td>\n<td>60 cm<\/td>\n<\/tr>\n<tr>\n<td>kolorystyka:<\/td>\n<td>bia\u0142y + buk \/ popielaty<\/td>\n<\/tr>\n<\/tbody>\n<\/table>\n<div class=\"timoore-remarks\">\n<div class=\"timoore-remarks-inner\"><strong>Uwagi<\/strong><br \/>\nProdukt do samodzielnego monta\u017cu.<br \/>\nProducent zastrzega sobie prawo do zmiany wymiar\u00f3w produktu.<\/div>\n<\/div>","protected":false},"featured_media":8654,"template":"","meta":{"inline_featured_image":false},"yoast_head":"<!-- This site is optimized with the Yoast SEO plugin v15.5 - https:\/\/yoast.com\/wordpress\/plugins\/seo\/ -->\n<title>Biurko - Timoore<\/title>\n<meta name=\"robots\" content=\"index, follow, max-snippet:-1, max-image-preview:large, max-video-preview:-1\" \/>\n<link rel=\"canonical\" href=\"https:\/\/timoore.eu\/en\/k\/kolekcja-elle\/biurko-4\/\" \/>\n<meta property=\"og:locale\" content=\"en_GB\" \/>\n<meta property=\"og:type\" content=\"article\" \/>\n<meta property=\"og:title\" content=\"Biurko - Timoore\" \/>\n<meta property=\"og:description\" content=\"oznaczenie produktu: T08-15-B T08-15-G &nbsp; Proste biurko o delikatnej formie b\u0119dzie doskona\u0142ym uzupe\u0142nieniem innych bry\u0142 z kolekcji ELLE. Posiada kontenerek i wewn\u0119trzn\u0105 p\u00f3\u0142k\u0119. Biurko przeznaczone jest dla dzieci w wieku szkolnym. Pasuje zar\u00f3wno do pokoiku ch\u0142opca, jak i dziewczynki. &nbsp; Korpus oraz blat biurka wykonane s\u0105 z p\u0142yty wi\u00f3rowej, melaminowanej, fronty wykonane s\u0105 z lakierowanych p\u0142yt MDF i HDF. Podstawa zrobiona z drewna bukowego wyst\u0119puje w dw\u00f3ch wersjach: lakierowanej bezbarwnie oraz w kolorze popielatym. &nbsp; G\u0142\u00f3wne cechy:   dwa kolory n\u00f3g do wyboru  pojemna p\u00f3\u0142ka w \u015brodku kontenera  sprawdzi si\u0119 zar\u00f3wno jako pojedyncza bry\u0142a, jak i mebel uzupe\u0142niaj\u0105cy kolekcj\u0119 Elle      wysoko\u015b\u0107: 74 cm   szeroko\u015b\u0107: 120 cm   g\u0142\u0119boko\u015b\u0107: 60 cm   kolorystyka: bia\u0142y + buk \/ popielaty     Uwagi Produkt do samodzielnego monta\u017cu. Producent zastrzega sobie prawo do zmiany wymiar\u00f3w produktu.\" \/>\n<meta property=\"og:url\" content=\"https:\/\/timoore.eu\/en\/k\/kolekcja-elle\/biurko-4\/\" \/>\n<meta property=\"og:site_name\" content=\"Timoore\" \/>\n<meta property=\"article:publisher\" content=\"https:\/\/www.facebook.com\/MebleABSYNTH\" \/>\n<meta property=\"article:modified_time\" content=\"2020-12-29T12:18:50+00:00\" \/>\n<meta property=\"og:image\" content=\"https:\/\/timoore.eu\/wp-content\/uploads\/2020\/12\/T08-15_big.jpg\" \/>\n\t<meta property=\"og:image:width\" content=\"800\" \/>\n\t<meta property=\"og:image:height\" content=\"600\" \/>\n<meta name=\"twitter:card\" content=\"summary_large_image\" \/>\n<script type=\"application\/ld+json\" class=\"yoast-schema-graph\">{\"@context\":\"https:\/\/schema.org\",\"@graph\":[{\"@type\":\"WebSite\",\"@id\":\"https:\/\/timoore.eu\/pl\/#website\",\"url\":\"https:\/\/timoore.eu\/pl\/\",\"name\":\"Timoore\",\"description\":\"Meble tworz\\u0105 wn\\u0119trze\",\"potentialAction\":[{\"@type\":\"SearchAction\",\"target\":\"https:\/\/timoore.eu\/pl\/?s={search_term_string}\",\"query-input\":\"required name=search_term_string\"}],\"inLanguage\":\"en-GB\"},{\"@type\":\"ImageObject\",\"@id\":\"https:\/\/timoore.eu\/k\/kolekcja-elle\/biurko-4\/#primaryimage\",\"inLanguage\":\"en-GB\",\"url\":\"https:\/\/timoore.eu\/wp-content\/uploads\/2020\/12\/T08-15_big.jpg\",\"width\":800,\"height\":600,\"caption\":\"ELLE - biurko\"},{\"@type\":\"WebPage\",\"@id\":\"https:\/\/timoore.eu\/k\/kolekcja-elle\/biurko-4\/#webpage\",\"url\":\"https:\/\/timoore.eu\/k\/kolekcja-elle\/biurko-4\/\",\"name\":\"Biurko - Timoore\",\"isPartOf\":{\"@id\":\"https:\/\/timoore.eu\/pl\/#website\"},\"primaryImageOfPage\":{\"@id\":\"https:\/\/timoore.eu\/k\/kolekcja-elle\/biurko-4\/#primaryimage\"},\"datePublished\":\"2020-12-29T12:15:12+00:00\",\"dateModified\":\"2020-12-29T12:18:50+00:00\",\"inLanguage\":\"en-GB\",\"potentialAction\":[{\"@type\":\"ReadAction\",\"target\":[\"https:\/\/timoore.eu\/k\/kolekcja-elle\/biurko-4\/\"]}]}]}<\/script>\n<!-- \/ Yoast SEO plugin. -->","_links":{"self":[{"href":"https:\/\/timoore.eu\/en\/wp-json\/wp\/v2\/product\/8653"}],"collection":[{"href":"https:\/\/timoore.eu\/en\/wp-json\/wp\/v2\/product"}],"about":[{"href":"https:\/\/timoore.eu\/en\/wp-json\/wp\/v2\/types\/product"}],"wp:featuredmedia":[{"embeddable":true,"href":"https:\/\/timoore.eu\/en\/wp-json\/wp\/v2\/media\/8654"}],"wp:attachment":[{"href":"https:\/\/timoore.eu\/en\/wp-json\/wp\/v2\/media?parent=8653"}],"curies":[{"name":"wp","href":"https:\/\/api.w.org\/{rel}","templated":true}]}}