{"id":8348,"date":"2020-12-19T01:47:36","date_gmt":"2020-12-19T00:47:36","guid":{"rendered":"https:\/\/timoore.com.pl\/?post_type=product&#038;p=8348"},"modified":"2020-12-19T01:52:23","modified_gmt":"2020-12-19T00:52:23","slug":"lozeczko-dzieciece-goo","status":"publish","type":"product","link":"https:\/\/timoore.eu\/pl\/k\/kolekcja-first\/lozeczko-dzieciece-goo\/","title":{"rendered":"\u0141\u00f3\u017ceczko dzieci\u0119ce &#8222;GOO&#8221;"},"content":{"rendered":"<p style=\"font-weight: 400;\"><strong>\u201eFirst\u201d<\/strong>\u00a0to kolekcja mebli zaprojektowana z my\u015bl\u0105 o noworodkach i dzieciach w wieku niemowl\u0119cym. Oparta o najwy\u017cszej jako\u015bci materia\u0142y, produkowana z zachowaniem szczeg\u00f3lnej wra\u017cliwo\u015bci na zagadnienia zwi\u0105zane z\u00a0 ekologi\u0105. Wszystkie elementy drewniane (tak\u017ce forniry) pokrywane s\u0105 r\u0119cznie bezpiecznymi,\u00a0<strong>naturalnymi olejami ro\u015blinnymi.<\/strong><\/p>\n<p style=\"font-weight: 400;\">\n<p style=\"font-weight: 400;\">Szczebelki \u0142\u00f3\u017ceczka pokrywane s\u0105\u00a0<strong>ekologicznymi lakierami antyalergicznymi \u00a0z atestami\u00a0<\/strong>certyfikowana zgodnie z norm\u0105 EN71\/3. \u0141\u00f3\u017ceczko mo\u017cna \u0142atwo przekszta\u0142ci\u0107 w sofk\u0119 dla starszego dziecka. Posiada 3 regulacje wysoko\u015bci oraz 2 wyjmowane szczebelki.<\/p>\n<p style=\"font-weight: 400;\">\n<p style=\"font-weight: 400;\"><strong>Dodatkowe informacje:<\/strong><br \/>\n-do \u0142\u00f3\u017ceczka pasuje materac o wymiarach: 120cmx60 cm<br \/>\n-przeznaczone dla dzieci 0-3 lat<\/p>\n<p style=\"font-weight: 400;\"><strong><br \/>\nWykonanie:<\/strong><br \/>\n&#8211; najwy\u017cszej jako\u015bci p\u0142yta MDF oraz okleina naturalna d\u0119bowa.<\/p>\n<p style=\"font-weight: 400;\">&#8211; lakierowane farb\u0105, bezpieczn\u0105 dla dzieci, certyfikowana zgodnie z norm\u0105 EN71\/3<\/p>\n<p>&nbsp;<\/p>\n<p>Uwaga!<\/p>\n<p><span style=\"color: #ff00ff;\">Materac oraz pokrowiec do\u00a0\u0142\u00f3\u017ceczka, stanowi\u0105 osobn\u0105 pozycj\u0119 w cenow\u0105.<\/span><\/p>\n","protected":false},"excerpt":{"rendered":"<p><strong>oznaczenie produktu:<\/strong><br \/>\nT02-10-C-O,<br \/>\nT02-10-G-O,<br \/>\nT02-10-B-O,<br \/>\nT02-10-O-O,<br \/>\nT02-10-P-O<\/p>\n","protected":false},"featured_media":8349,"template":"","meta":{"inline_featured_image":false},"yoast_head":"<!-- This site is optimized with the Yoast SEO plugin v15.5 - https:\/\/yoast.com\/wordpress\/plugins\/seo\/ -->\n<title>\u0141\u00f3\u017ceczko dzieci\u0119ce &quot;GOO&quot; - Timoore<\/title>\n<meta name=\"robots\" content=\"index, follow, max-snippet:-1, max-image-preview:large, max-video-preview:-1\" \/>\n<link rel=\"canonical\" href=\"https:\/\/timoore.eu\/pl\/k\/kolekcja-first\/lozeczko-dzieciece-goo\/\" \/>\n<meta property=\"og:locale\" content=\"pl_PL\" \/>\n<meta property=\"og:type\" content=\"article\" \/>\n<meta property=\"og:title\" content=\"\u0141\u00f3\u017ceczko dzieci\u0119ce &quot;GOO&quot; - Timoore\" \/>\n<meta property=\"og:description\" content=\"oznaczenie produktu: T02-10-C-O, T02-10-G-O, T02-10-B-O, T02-10-O-O, T02-10-P-O\" \/>\n<meta property=\"og:url\" content=\"https:\/\/timoore.eu\/pl\/k\/kolekcja-first\/lozeczko-dzieciece-goo\/\" \/>\n<meta property=\"og:site_name\" content=\"Timoore\" \/>\n<meta property=\"article:publisher\" content=\"https:\/\/www.facebook.com\/MebleABSYNTH\" \/>\n<meta property=\"article:modified_time\" content=\"2020-12-19T00:52:23+00:00\" \/>\n<meta property=\"og:image\" content=\"https:\/\/timoore.eu\/wp-content\/uploads\/2020\/12\/T02-10-C-O_big.jpg\" \/>\n\t<meta property=\"og:image:width\" content=\"800\" \/>\n\t<meta property=\"og:image:height\" content=\"600\" \/>\n<meta name=\"twitter:card\" content=\"summary_large_image\" \/>\n<meta name=\"twitter:label1\" content=\"Est. reading time\">\n\t<meta name=\"twitter:data1\" content=\"1 minuta\">\n<script type=\"application\/ld+json\" class=\"yoast-schema-graph\">{\"@context\":\"https:\/\/schema.org\",\"@graph\":[{\"@type\":\"WebSite\",\"@id\":\"https:\/\/timoore.eu\/pl\/#website\",\"url\":\"https:\/\/timoore.eu\/pl\/\",\"name\":\"Timoore\",\"description\":\"Meble tworz\\u0105 wn\\u0119trze\",\"potentialAction\":[{\"@type\":\"SearchAction\",\"target\":\"https:\/\/timoore.eu\/pl\/?s={search_term_string}\",\"query-input\":\"required name=search_term_string\"}],\"inLanguage\":\"pl-PL\"},{\"@type\":\"ImageObject\",\"@id\":\"https:\/\/timoore.eu\/k\/kolekcja-first\/lozeczko-dzieciece-goo\/#primaryimage\",\"inLanguage\":\"pl-PL\",\"url\":\"https:\/\/timoore.eu\/wp-content\/uploads\/2020\/12\/T02-10-C-O_big.jpg\",\"width\":800,\"height\":600,\"caption\":\"FIRST - \\u0142\\u00f3\\u017ceczko dzieci\\u0119ce GOO\"},{\"@type\":\"WebPage\",\"@id\":\"https:\/\/timoore.eu\/k\/kolekcja-first\/lozeczko-dzieciece-goo\/#webpage\",\"url\":\"https:\/\/timoore.eu\/k\/kolekcja-first\/lozeczko-dzieciece-goo\/\",\"name\":\"\\u0141\\u00f3\\u017ceczko dzieci\\u0119ce \\\"GOO\\\" - Timoore\",\"isPartOf\":{\"@id\":\"https:\/\/timoore.eu\/pl\/#website\"},\"primaryImageOfPage\":{\"@id\":\"https:\/\/timoore.eu\/k\/kolekcja-first\/lozeczko-dzieciece-goo\/#primaryimage\"},\"datePublished\":\"2020-12-19T00:47:36+00:00\",\"dateModified\":\"2020-12-19T00:52:23+00:00\",\"inLanguage\":\"pl-PL\",\"potentialAction\":[{\"@type\":\"ReadAction\",\"target\":[\"https:\/\/timoore.eu\/k\/kolekcja-first\/lozeczko-dzieciece-goo\/\"]}]}]}<\/script>\n<!-- \/ Yoast SEO plugin. -->","_links":{"self":[{"href":"https:\/\/timoore.eu\/pl\/wp-json\/wp\/v2\/product\/8348"}],"collection":[{"href":"https:\/\/timoore.eu\/pl\/wp-json\/wp\/v2\/product"}],"about":[{"href":"https:\/\/timoore.eu\/pl\/wp-json\/wp\/v2\/types\/product"}],"wp:featuredmedia":[{"embeddable":true,"href":"https:\/\/timoore.eu\/pl\/wp-json\/wp\/v2\/media\/8349"}],"wp:attachment":[{"href":"https:\/\/timoore.eu\/pl\/wp-json\/wp\/v2\/media?parent=8348"}],"curies":[{"name":"wp","href":"https:\/\/api.w.org\/{rel}","templated":true}]}}