{"id":8361,"date":"2020-12-19T01:57:33","date_gmt":"2020-12-19T00:57:33","guid":{"rendered":"https:\/\/timoore.com.pl\/?post_type=product&#038;p=8361"},"modified":"2020-12-19T01:59:58","modified_gmt":"2020-12-19T00:59:58","slug":"lozko-sypialniane-160","status":"publish","type":"product","link":"https:\/\/timoore.eu\/pl\/k\/kolekcja-first\/lozko-sypialniane-160\/","title":{"rendered":"\u0141\u00f3\u017cko sypialniane 160"},"content":{"rendered":"<p><strong>\u201eFirst\u201d<\/strong>\u00a0to kolekcja mebli zaprojektowana z my\u015bl\u0105 o noworodkach i dzieciach w wieku niemowl\u0119cym. Oparta o najwy\u017cszej jako\u015bci materia\u0142y, produkowana z zachowaniem szczeg\u00f3lnej wra\u017cliwo\u015bci na zagadnienia zwi\u0105zane z\u00a0 ekologi\u0105. Wszystkie elementy drewniane (tak\u017ce forniry) pokrywane s\u0105 r\u0119cznie bezpiecznymi,\u00a0<strong>naturalnymi olejami ro\u015blinnymi.<\/strong>\u00a0Fronty szaf i szuflad\u00a0 wykonane z p\u0142yty MDF, a tak\u017ce szczebelki \u0142\u00f3\u017ceczka pokrywane s\u0105\u00a0<strong>ekologicznymi lakierami akrylowymi<\/strong>.<\/p>\n<p><strong>\u201eFirst\u201d to propozycja dla ludzi szukaj\u0105cych mebli prostych, bezpretensjonalnych, a poprzez zastosowane materia\u0142y i stylistyk\u0119 z pewno\u015bci\u0105 oryginalnych i wyj\u0105tkowych.<\/strong><\/p>\n<p>Podobnie jak w innych meblach<strong>\u00a0<\/strong>\u201eTimoore\u201d, r\u00f3wnie\u017c w kolekcji<strong>\u00a0\u201eFirst\u201d<\/strong><strong>\u00a0<\/strong>du\u017c\u0105 wag\u0119 przywi\u0105zuje si\u0119 do bezpiecze\u0144stwa ich u\u017cytkowania. Wszystkie , stwarzaj\u0105ce potencjalne niebezpiecze\u0144stwo naro\u017cniki s\u0105 zaokr\u0105glone, a oleje i lakiery u\u017cyte przy produkcji mebli s\u0105 neutralne dla zdrowia dziecka. \u0141agodne, harmonijne zestawienie kolor\u00f3w wp\u0142ywa koj\u0105co na zachowanie dziecka . Oryginalne uchwyty wykonane z naturalnego drewna estetycznie definiuj\u0105 ca\u0142\u0105 kolekcj\u0119.<small><\/small><\/p>\n<p>Uwaga!<\/p>\n<p><span style=\"color: #ff00ff;\">Materac oraz pokrowiec do\u00a0\u0142\u00f3\u017cka, stanowi\u0105 osobn\u0105 pozycj\u0119 w cenow\u0105. Przeznaczone dla dzieci 6+<\/span><\/p>\n","protected":false},"excerpt":{"rendered":"<p><strong>oznaczenie produktu:<\/strong><br \/>\nT02-12-C-O<\/p>\n","protected":false},"featured_media":8362,"template":"","meta":{"inline_featured_image":false},"yoast_head":"<!-- This site is optimized with the Yoast SEO plugin v15.5 - https:\/\/yoast.com\/wordpress\/plugins\/seo\/ -->\n<title>\u0141\u00f3\u017cko sypialniane 160 - Timoore<\/title>\n<meta name=\"robots\" content=\"index, follow, max-snippet:-1, max-image-preview:large, max-video-preview:-1\" \/>\n<link rel=\"canonical\" href=\"https:\/\/timoore.eu\/pl\/k\/kolekcja-first\/lozko-sypialniane-160\/\" \/>\n<meta property=\"og:locale\" content=\"pl_PL\" \/>\n<meta property=\"og:type\" content=\"article\" \/>\n<meta property=\"og:title\" content=\"\u0141\u00f3\u017cko sypialniane 160 - Timoore\" \/>\n<meta property=\"og:description\" content=\"oznaczenie produktu: T02-12-C-O\" \/>\n<meta property=\"og:url\" content=\"https:\/\/timoore.eu\/pl\/k\/kolekcja-first\/lozko-sypialniane-160\/\" \/>\n<meta property=\"og:site_name\" content=\"Timoore\" \/>\n<meta property=\"article:publisher\" content=\"https:\/\/www.facebook.com\/MebleABSYNTH\" \/>\n<meta property=\"article:modified_time\" content=\"2020-12-19T00:59:58+00:00\" \/>\n<meta property=\"og:image\" content=\"https:\/\/timoore.eu\/wp-content\/uploads\/2020\/12\/T02-12-C-O_big.jpg\" \/>\n\t<meta property=\"og:image:width\" content=\"800\" \/>\n\t<meta property=\"og:image:height\" content=\"600\" \/>\n<meta name=\"twitter:card\" content=\"summary_large_image\" \/>\n<meta name=\"twitter:label1\" content=\"Est. reading time\">\n\t<meta name=\"twitter:data1\" content=\"1 minuta\">\n<script type=\"application\/ld+json\" class=\"yoast-schema-graph\">{\"@context\":\"https:\/\/schema.org\",\"@graph\":[{\"@type\":\"WebSite\",\"@id\":\"https:\/\/timoore.eu\/pl\/#website\",\"url\":\"https:\/\/timoore.eu\/pl\/\",\"name\":\"Timoore\",\"description\":\"Meble tworz\\u0105 wn\\u0119trze\",\"potentialAction\":[{\"@type\":\"SearchAction\",\"target\":\"https:\/\/timoore.eu\/pl\/?s={search_term_string}\",\"query-input\":\"required name=search_term_string\"}],\"inLanguage\":\"pl-PL\"},{\"@type\":\"ImageObject\",\"@id\":\"https:\/\/timoore.eu\/k\/kolekcja-first\/lozko-sypialniane-160\/#primaryimage\",\"inLanguage\":\"pl-PL\",\"url\":\"https:\/\/timoore.eu\/wp-content\/uploads\/2020\/12\/T02-12-C-O_big.jpg\",\"width\":800,\"height\":600,\"caption\":\"FIRST - \\u0142\\u00f3\\u017cko sypialniane\"},{\"@type\":\"WebPage\",\"@id\":\"https:\/\/timoore.eu\/k\/kolekcja-first\/lozko-sypialniane-160\/#webpage\",\"url\":\"https:\/\/timoore.eu\/k\/kolekcja-first\/lozko-sypialniane-160\/\",\"name\":\"\\u0141\\u00f3\\u017cko sypialniane 160 - Timoore\",\"isPartOf\":{\"@id\":\"https:\/\/timoore.eu\/pl\/#website\"},\"primaryImageOfPage\":{\"@id\":\"https:\/\/timoore.eu\/k\/kolekcja-first\/lozko-sypialniane-160\/#primaryimage\"},\"datePublished\":\"2020-12-19T00:57:33+00:00\",\"dateModified\":\"2020-12-19T00:59:58+00:00\",\"inLanguage\":\"pl-PL\",\"potentialAction\":[{\"@type\":\"ReadAction\",\"target\":[\"https:\/\/timoore.eu\/k\/kolekcja-first\/lozko-sypialniane-160\/\"]}]}]}<\/script>\n<!-- \/ Yoast SEO plugin. -->","_links":{"self":[{"href":"https:\/\/timoore.eu\/pl\/wp-json\/wp\/v2\/product\/8361"}],"collection":[{"href":"https:\/\/timoore.eu\/pl\/wp-json\/wp\/v2\/product"}],"about":[{"href":"https:\/\/timoore.eu\/pl\/wp-json\/wp\/v2\/types\/product"}],"wp:featuredmedia":[{"embeddable":true,"href":"https:\/\/timoore.eu\/pl\/wp-json\/wp\/v2\/media\/8362"}],"wp:attachment":[{"href":"https:\/\/timoore.eu\/pl\/wp-json\/wp\/v2\/media?parent=8361"}],"curies":[{"name":"wp","href":"https:\/\/api.w.org\/{rel}","templated":true}]}}