{"id":8422,"date":"2020-12-22T02:03:19","date_gmt":"2020-12-22T01:03:19","guid":{"rendered":"https:\/\/timoore.com.pl\/?post_type=product&#038;p=8422"},"modified":"2020-12-22T02:05:32","modified_gmt":"2020-12-22T01:05:32","slug":"regal-nadstawka-na-kredens-2-drzwiowy","status":"publish","type":"product","link":"https:\/\/timoore.eu\/pl\/k\/kolekcja-simple\/regal-nadstawka-na-kredens-2-drzwiowy\/","title":{"rendered":"Rega\u0142 &#8211; nadstawka na kredens 2-drzwiowy"},"content":{"rendered":"<p><strong>Linia Design by Timoore<\/strong><\/p>\n<p>Wierszyki, kolorowanki, zeszyty, ksi\u0105\u017cki, p\u0142yty CD, gry planszowe &#8211; to tylko cz\u0119\u015b\u0107 rzeczy, kt\u00f3re znajduj\u0105 si\u0119 w dzieci\u0119cym pokoju. Kiedy pojawia si\u0119 problem z ich przechowywaniem, sortowaniem i uk\u0142adaniem rozwi\u0105zaniem mo\u017ce by\u0107 rega\u0142 &#8222;timoore&#8221;. Sze\u015b\u0107 dwukolorowych p\u00f3\u0142ek pomo\u017ce Twojemu dziecku pouk\u0142ada\u0107 jego ulubione ksi\u0105\u017ceczki tak, aby w ka\u017cdej chwili mog\u0142o si\u0119gn\u0105\u0107 po t\u0119, kt\u00f3rej w\u0142a\u015bnie szuka. Rega\u0142 &#8222;timoore&#8221;. to doskona\u0142y partner dla m\u0142odego cz\u0142owieka zaczynaj\u0105cego swoj\u0105 przygod\u0119 ze szko\u0142\u0105. Rega\u0142 w zestawie z kredensem tworzy oryginaln\u0105 i bardzo funkcjonaln\u0105 dzieci\u0119c\u0105 biblioteczk\u0119.<\/p>\n<h4>G\u0142\u00f3wne cechy:<\/h4>\n<ul>\n<li>oryginalne wzornictwo<\/li>\n<li>sze\u015b\u0107 dwukolorowych p\u00f3\u0142ek<\/li>\n<li>stabilna rama z litego drewna\u00a0bukowego\u00a0zapewniaj\u0105ca sztywno\u015b\u0107 i wytrzyma\u0142o\u015b\u0107 konstrukcji<\/li>\n<li>zaprojektowany z my\u015bl\u0105 o dziecku w wieku szkolnym<\/li>\n<\/ul>\n<p><strong>Uwaga ! Meble wykonane s\u0105 z naturalnych materia\u0142\u00f3w ,dlatego te\u017c dopuszczamy mo\u017cliwo\u015b\u0107 ja\u015bniejszych i ciemniejszych odcieni drewna w danej partii towaru.<\/strong><\/p>\n<p>&nbsp;<\/p>\n<p><strong>Nowa linia Light Line by Timoore:<\/strong><\/p>\n<p>Korpus zewn\u0119trzny z tarcicy bukowej i laminatu, korpus wewn\u0119trzny z laminatu, fronty laminowane w pi\u0119ciu wersjach kolorystycznych: kremowy: niebieski, zielony, r\u00f3\u017cowy, pomara\u0144czowy. Elementy kolorowe- \u00a0p\u0142yta MDF.<\/p>\n","protected":false},"excerpt":{"rendered":"<p><strong>oznaczenie produktu:<\/strong><br \/>\nT01-08-B-B,<br \/>\nT01-08-P-B,<br \/>\nT01-08-G-B,<br \/>\nT01-08-O-B<\/p>\n","protected":false},"featured_media":8423,"template":"","meta":{"inline_featured_image":false},"yoast_head":"<!-- This site is optimized with the Yoast SEO plugin v15.5 - https:\/\/yoast.com\/wordpress\/plugins\/seo\/ -->\n<title>Rega\u0142 - nadstawka na kredens 2-drzwiowy - Timoore<\/title>\n<meta name=\"robots\" content=\"index, follow, max-snippet:-1, max-image-preview:large, max-video-preview:-1\" \/>\n<link rel=\"canonical\" href=\"https:\/\/timoore.eu\/pl\/k\/kolekcja-simple\/regal-nadstawka-na-kredens-2-drzwiowy\/\" \/>\n<meta property=\"og:locale\" content=\"pl_PL\" \/>\n<meta property=\"og:type\" content=\"article\" \/>\n<meta property=\"og:title\" content=\"Rega\u0142 - nadstawka na kredens 2-drzwiowy - Timoore\" \/>\n<meta property=\"og:description\" content=\"oznaczenie produktu: T01-08-B-B, T01-08-P-B, T01-08-G-B, T01-08-O-B\" \/>\n<meta property=\"og:url\" content=\"https:\/\/timoore.eu\/pl\/k\/kolekcja-simple\/regal-nadstawka-na-kredens-2-drzwiowy\/\" \/>\n<meta property=\"og:site_name\" content=\"Timoore\" \/>\n<meta property=\"article:publisher\" content=\"https:\/\/www.facebook.com\/MebleABSYNTH\" \/>\n<meta property=\"article:modified_time\" content=\"2020-12-22T01:05:32+00:00\" \/>\n<meta property=\"og:image\" content=\"https:\/\/timoore.eu\/wp-content\/uploads\/2020\/12\/T01-08-B-B_big.jpg\" \/>\n\t<meta property=\"og:image:width\" content=\"800\" \/>\n\t<meta property=\"og:image:height\" content=\"600\" \/>\n<meta name=\"twitter:card\" content=\"summary_large_image\" \/>\n<meta name=\"twitter:label1\" content=\"Est. reading time\">\n\t<meta name=\"twitter:data1\" content=\"1 minuta\">\n<script type=\"application\/ld+json\" class=\"yoast-schema-graph\">{\"@context\":\"https:\/\/schema.org\",\"@graph\":[{\"@type\":\"WebSite\",\"@id\":\"https:\/\/timoore.eu\/pl\/#website\",\"url\":\"https:\/\/timoore.eu\/pl\/\",\"name\":\"Timoore\",\"description\":\"Meble tworz\\u0105 wn\\u0119trze\",\"potentialAction\":[{\"@type\":\"SearchAction\",\"target\":\"https:\/\/timoore.eu\/pl\/?s={search_term_string}\",\"query-input\":\"required name=search_term_string\"}],\"inLanguage\":\"pl-PL\"},{\"@type\":\"ImageObject\",\"@id\":\"https:\/\/timoore.eu\/k\/kolekcja-simple\/regal-nadstawka-na-kredens-2-drzwiowy\/#primaryimage\",\"inLanguage\":\"pl-PL\",\"url\":\"https:\/\/timoore.eu\/wp-content\/uploads\/2020\/12\/T01-08-B-B_big.jpg\",\"width\":800,\"height\":600,\"caption\":\"SIMPLE - rega\\u0142 - nadstawka na kredens 2-drzwiowy\"},{\"@type\":\"WebPage\",\"@id\":\"https:\/\/timoore.eu\/k\/kolekcja-simple\/regal-nadstawka-na-kredens-2-drzwiowy\/#webpage\",\"url\":\"https:\/\/timoore.eu\/k\/kolekcja-simple\/regal-nadstawka-na-kredens-2-drzwiowy\/\",\"name\":\"Rega\\u0142 - nadstawka na kredens 2-drzwiowy - Timoore\",\"isPartOf\":{\"@id\":\"https:\/\/timoore.eu\/pl\/#website\"},\"primaryImageOfPage\":{\"@id\":\"https:\/\/timoore.eu\/k\/kolekcja-simple\/regal-nadstawka-na-kredens-2-drzwiowy\/#primaryimage\"},\"datePublished\":\"2020-12-22T01:03:19+00:00\",\"dateModified\":\"2020-12-22T01:05:32+00:00\",\"inLanguage\":\"pl-PL\",\"potentialAction\":[{\"@type\":\"ReadAction\",\"target\":[\"https:\/\/timoore.eu\/k\/kolekcja-simple\/regal-nadstawka-na-kredens-2-drzwiowy\/\"]}]}]}<\/script>\n<!-- \/ Yoast SEO plugin. -->","_links":{"self":[{"href":"https:\/\/timoore.eu\/pl\/wp-json\/wp\/v2\/product\/8422"}],"collection":[{"href":"https:\/\/timoore.eu\/pl\/wp-json\/wp\/v2\/product"}],"about":[{"href":"https:\/\/timoore.eu\/pl\/wp-json\/wp\/v2\/types\/product"}],"wp:featuredmedia":[{"embeddable":true,"href":"https:\/\/timoore.eu\/pl\/wp-json\/wp\/v2\/media\/8423"}],"wp:attachment":[{"href":"https:\/\/timoore.eu\/pl\/wp-json\/wp\/v2\/media?parent=8422"}],"curies":[{"name":"wp","href":"https:\/\/api.w.org\/{rel}","templated":true}]}}