{"id":8600,"date":"2020-12-29T12:09:54","date_gmt":"2020-12-29T11:09:54","guid":{"rendered":"https:\/\/timoore.com.pl\/?post_type=product&#038;p=8600"},"modified":"2020-12-29T12:13:19","modified_gmt":"2020-12-29T11:13:19","slug":"regal-2","status":"publish","type":"product","link":"https:\/\/timoore.eu\/pl\/k\/kolekcja-elle\/regal-2\/","title":{"rendered":"Rega\u0142"},"content":{"rendered":"","protected":false},"excerpt":{"rendered":"<p><strong>oznaczenie produktu:<\/strong><br \/>\nT08-04-B<br \/>\nT08-04-G<br \/>\n&nbsp;<br \/>\nRega\u0142 z kolekcji ELLE to ma\u0142y czarodziej w pokoju dziecka, kt\u00f3ry w kilka chwil uporz\u0105dkuje ka\u017cd\u0105 przestrze\u0144. Wyposa\u017cony jest w trzy pojemne p\u00f3\u0142ki na ksi\u0105\u017cki, gry , zabawki lub inne bardzo wa\u017cne, dzieci\u0119ce skarby.<\/p>\n<p>Delikatna forma n\u00f3\u017cek pot\u0119guje wra\u017cenie lekko\u015bci mebla. Rega\u0142 dost\u0119pny jest w dw\u00f3ch opcjach kolorystycznych \u2013  z naturalnymi bukowymi nogami lub podstaw\u0105 w kolorze popielatym. Tylko od Ciebie zale\u017cy, czy wybierzesz atmosfer\u0119 natury  i zdecydujesz si\u0119 na nogi bukowe czy b\u0119dziesz wola\u0142 neutraln\u0105 baz\u0119 z nogami popielatymi.<\/p>\n<p>Korpus i p\u00f3\u0142ki rega\u0142u wykonane s\u0105 z p\u0142yty wi\u00f3rowej, melaminowanej. Podstawa zrobiona z drewna bukowego wyst\u0119puje w dw\u00f3ch wersjach: lakierowanej bezbarwnie oraz w kolorze popielatym.<br \/>\n&nbsp;<br \/>\n<strong>G\u0142\u00f3wne cechy:<\/strong><\/p>\n<ul>\n<li>dwa kolory n\u00f3g do wyboru<\/li>\n<li>trzy pojemne p\u00f3\u0142ki<\/li>\n<\/ul>\n<table class=\"timoore-furniture-size\">\n<tr>\n<td>wysoko\u015b\u0107:<\/td>\n<td>184 cm<\/td>\n<\/tr>\n<tr>\n<td>szeroko\u015b\u0107:<\/td>\n<td>51 cm<\/td>\n<\/tr>\n<tr>\n<td>g\u0142\u0119boko\u015b\u0107:<\/td>\n<td>45 cm<\/td>\n<\/tr>\n<tr>\n<td>kolorystyka:<\/td>\n<td>bia\u0142y + szary\/buk<\/td>\n<\/tr>\n<\/table>\n<div class=\"timoore-remarks\">\n<div class=\"timoore-remarks-inner\">\n<strong>Uwagi<\/strong><br \/>\nProdukt do samodzielnego monta\u017cu.<br \/>\nProducent zastrzega sobie prawo do zmiany wymiar\u00f3w produktu.\n<\/div>\n<\/div>\n","protected":false},"featured_media":8601,"template":"","meta":{"inline_featured_image":false},"yoast_head":"<!-- This site is optimized with the Yoast SEO plugin v15.5 - https:\/\/yoast.com\/wordpress\/plugins\/seo\/ -->\n<title>Rega\u0142 - Timoore<\/title>\n<meta name=\"robots\" content=\"index, follow, max-snippet:-1, max-image-preview:large, max-video-preview:-1\" \/>\n<link rel=\"canonical\" href=\"https:\/\/timoore.eu\/pl\/k\/kolekcja-elle\/regal-2\/\" \/>\n<meta property=\"og:locale\" content=\"pl_PL\" \/>\n<meta property=\"og:type\" content=\"article\" \/>\n<meta property=\"og:title\" content=\"Rega\u0142 - Timoore\" \/>\n<meta property=\"og:description\" content=\"oznaczenie produktu: T08-04-B T08-04-G &nbsp; Rega\u0142 z kolekcji ELLE to ma\u0142y czarodziej w pokoju dziecka, kt\u00f3ry w kilka chwil uporz\u0105dkuje ka\u017cd\u0105 przestrze\u0144. Wyposa\u017cony jest w trzy pojemne p\u00f3\u0142ki na ksi\u0105\u017cki, gry , zabawki lub inne bardzo wa\u017cne, dzieci\u0119ce skarby.  Delikatna forma n\u00f3\u017cek pot\u0119guje wra\u017cenie lekko\u015bci mebla. Rega\u0142 dost\u0119pny jest w dw\u00f3ch opcjach kolorystycznych \u2013 z naturalnymi bukowymi nogami lub podstaw\u0105 w kolorze popielatym. Tylko od Ciebie zale\u017cy, czy wybierzesz atmosfer\u0119 natury i zdecydujesz si\u0119 na nogi bukowe czy b\u0119dziesz wola\u0142 neutraln\u0105 baz\u0119 z nogami popielatymi.  Korpus i p\u00f3\u0142ki rega\u0142u wykonane s\u0105 z p\u0142yty wi\u00f3rowej, melaminowanej. Podstawa zrobiona z drewna bukowego wyst\u0119puje w dw\u00f3ch wersjach: lakierowanej bezbarwnie oraz w kolorze popielatym. &nbsp; G\u0142\u00f3wne cechy:   dwa kolory n\u00f3g do wyboru  trzy pojemne p\u00f3\u0142ki    wysoko\u015b\u0107:184 cm szeroko\u015b\u0107:51 cm g\u0142\u0119boko\u015b\u0107:45 cm kolorystyka:bia\u0142y + szary\/buk    Uwagi Produkt do samodzielnego monta\u017cu. Producent zastrzega sobie prawo do zmiany wymiar\u00f3w produktu.\" \/>\n<meta property=\"og:url\" content=\"https:\/\/timoore.eu\/pl\/k\/kolekcja-elle\/regal-2\/\" \/>\n<meta property=\"og:site_name\" content=\"Timoore\" \/>\n<meta property=\"article:publisher\" content=\"https:\/\/www.facebook.com\/MebleABSYNTH\" \/>\n<meta property=\"article:modified_time\" content=\"2020-12-29T11:13:19+00:00\" \/>\n<meta property=\"og:image\" content=\"https:\/\/timoore.eu\/wp-content\/uploads\/2020\/12\/T08-04_big.jpg\" \/>\n\t<meta property=\"og:image:width\" content=\"800\" \/>\n\t<meta property=\"og:image:height\" content=\"600\" \/>\n<meta name=\"twitter:card\" content=\"summary_large_image\" \/>\n<script type=\"application\/ld+json\" class=\"yoast-schema-graph\">{\"@context\":\"https:\/\/schema.org\",\"@graph\":[{\"@type\":\"WebSite\",\"@id\":\"https:\/\/timoore.eu\/pl\/#website\",\"url\":\"https:\/\/timoore.eu\/pl\/\",\"name\":\"Timoore\",\"description\":\"Meble tworz\\u0105 wn\\u0119trze\",\"potentialAction\":[{\"@type\":\"SearchAction\",\"target\":\"https:\/\/timoore.eu\/pl\/?s={search_term_string}\",\"query-input\":\"required name=search_term_string\"}],\"inLanguage\":\"pl-PL\"},{\"@type\":\"ImageObject\",\"@id\":\"https:\/\/timoore.eu\/k\/kolekcja-elle\/regal-2\/#primaryimage\",\"inLanguage\":\"pl-PL\",\"url\":\"https:\/\/timoore.eu\/wp-content\/uploads\/2020\/12\/T08-04_big.jpg\",\"width\":800,\"height\":600,\"caption\":\"ELLE - rega\\u0142\"},{\"@type\":\"WebPage\",\"@id\":\"https:\/\/timoore.eu\/k\/kolekcja-elle\/regal-2\/#webpage\",\"url\":\"https:\/\/timoore.eu\/k\/kolekcja-elle\/regal-2\/\",\"name\":\"Rega\\u0142 - Timoore\",\"isPartOf\":{\"@id\":\"https:\/\/timoore.eu\/pl\/#website\"},\"primaryImageOfPage\":{\"@id\":\"https:\/\/timoore.eu\/k\/kolekcja-elle\/regal-2\/#primaryimage\"},\"datePublished\":\"2020-12-29T11:09:54+00:00\",\"dateModified\":\"2020-12-29T11:13:19+00:00\",\"inLanguage\":\"pl-PL\",\"potentialAction\":[{\"@type\":\"ReadAction\",\"target\":[\"https:\/\/timoore.eu\/k\/kolekcja-elle\/regal-2\/\"]}]}]}<\/script>\n<!-- \/ Yoast SEO plugin. -->","_links":{"self":[{"href":"https:\/\/timoore.eu\/pl\/wp-json\/wp\/v2\/product\/8600"}],"collection":[{"href":"https:\/\/timoore.eu\/pl\/wp-json\/wp\/v2\/product"}],"about":[{"href":"https:\/\/timoore.eu\/pl\/wp-json\/wp\/v2\/types\/product"}],"wp:featuredmedia":[{"embeddable":true,"href":"https:\/\/timoore.eu\/pl\/wp-json\/wp\/v2\/media\/8601"}],"wp:attachment":[{"href":"https:\/\/timoore.eu\/pl\/wp-json\/wp\/v2\/media?parent=8600"}],"curies":[{"name":"wp","href":"https:\/\/api.w.org\/{rel}","templated":true}]}}