{"id":8657,"date":"2020-12-29T13:18:57","date_gmt":"2020-12-29T12:18:57","guid":{"rendered":"https:\/\/timoore.com.pl\/?post_type=product&#038;p=8657"},"modified":"2020-12-29T13:25:25","modified_gmt":"2020-12-29T12:25:25","slug":"lozeczko-transformowalne-140x70","status":"publish","type":"product","link":"https:\/\/timoore.eu\/pl\/k\/kolekcja-elle\/lozeczko-transformowalne-140x70\/","title":{"rendered":"\u0141\u00f3\u017ceczko transformowalne 140&#215;70"},"content":{"rendered":"","protected":false},"excerpt":{"rendered":"<p><strong>oznaczenie produktu:<\/strong><br \/>\nT08-12-B<br \/>\nT08-12-G<br \/>\n&nbsp;<br \/>\n\u201e\u0141\u00f3\u017ceczko Elle\u201d to mebel, kt\u00f3ry ro\u015bnie razem z dzieckiem. Unikalna konstrukcja mebla pozwala na \u0142atwe przetransformowanie typowego, niemowl\u0119cego \u0142\u00f3\u017ceczka w wygodny, dzieci\u0119cy tapczanik. Wyrafinowana forma \u0142\u00f3\u017ceczka, oraz charakterystyczne dla ca\u0142ej kolekcji subtelne nogi tworz\u0105 oryginaln\u0105, a jednocze\u015bnie sp\u00f3jn\u0105 z pozosta\u0142ymi meblami ca\u0142o\u015b\u0107. Dodatkowo \u0142\u00f3\u017ceczko mo\u017cna doposa\u017cy\u0107 w ochronn\u0105 barierk\u0119 oraz dodatki tapicerowane w najmodniejszych pastelowych kolorach.<br \/>\n&nbsp;<br \/>\n\u0141\u00f3\u017ceczko wykonane zgodnie z normami europejskimi PN-EN 716-1:2010 oraz PN-EN 716-2:2010. W\u0142oski lakier wykorzystany do pomalowania jest bezpieczny dla dziecka antylaergiczny, odpowiada wymaganiom normy europejskiej EN 71-3: 1994<br \/>\n&nbsp;<br \/>\nPodobnie jak pozosta\u0142e meble z kolekcji \u201eElle\u201d \u0142\u00f3\u017cko wyst\u0119puje w dw\u00f3ch wersjach kolorystycznych : bia\u0142o -bukowej oraz bia\u0142o- popielatej.<br \/>\n&nbsp;<\/p>\n<p><strong>G\u0142\u00f3wne cechy:<\/strong><\/p>\n<ul>\n<li>klasyczne wzornictwo<\/li>\n<li>mo\u017cliwo\u015b\u0107 przekszta\u0142cenia w tapczanik<\/li>\n<li>regulowana wysoko\u015b\u0107 le\u017cyska<\/li>\n<li>dwie odmiany kolorystyczne<\/li>\n<li>stabilna konstrukcja<\/li>\n<\/ul>\n<p>&nbsp;<\/p>\n<p><strong>Dodatkowe informacje:<\/strong><\/p>\n<ul>\n<li>do \u0142\u00f3\u017ceczka pasuje materac o wymiarach: 140cmx70 cm<\/li>\n<li>przeznaczone dla dzieci 0-3 lat<\/li>\n<li>\u0142\u00f3\u017ceczko posiada 3 regulacje wysoko\u015bci oraz 2 wyjmowane szczebelki.<\/li>\n<\/ul>\n<p>&nbsp;<\/p>\n<table class=\"timoore-furniture-size\">\n<tbody>\n<tr>\n<td>wysoko\u015b\u0107:<\/td>\n<td>84 \/ 50 cm<\/td>\n<\/tr>\n<tr>\n<td>szeroko\u015b\u0107:<\/td>\n<td>75 cm<\/td>\n<\/tr>\n<tr>\n<td>d\u0142ugo\u015b\u0107:<\/td>\n<td>146 cm<\/td>\n<\/tr>\n<tr>\n<td>kolorystyka:<\/td>\n<td>bia\u0142y + buk \/ popielaty<\/td>\n<\/tr>\n<\/tbody>\n<\/table>\n<div class=\"timoore-remarks\">\n<div class=\"timoore-remarks-inner\"><strong>Uwagi<\/strong><br \/>\nProdukt do samodzielnego monta\u017cu.<br \/>\nProducent zastrzega sobie prawo do zmiany wymiar\u00f3w produktu.<br \/>\nMaterac, pokrowiec na materac oraz pojemnik na po\u015bciel jest osobn\u0105 pozycj\u0105 w cenniku kolekcji.<\/div>\n<\/div>\n","protected":false},"featured_media":8658,"template":"","meta":{"inline_featured_image":false},"yoast_head":"<!-- This site is optimized with the Yoast SEO plugin v15.5 - https:\/\/yoast.com\/wordpress\/plugins\/seo\/ -->\n<title>\u0141\u00f3\u017ceczko transformowalne 140x70 - Timoore<\/title>\n<meta name=\"robots\" content=\"index, follow, max-snippet:-1, max-image-preview:large, max-video-preview:-1\" \/>\n<link rel=\"canonical\" href=\"https:\/\/timoore.eu\/pl\/k\/kolekcja-elle\/lozeczko-transformowalne-140x70\/\" \/>\n<meta property=\"og:locale\" content=\"pl_PL\" \/>\n<meta property=\"og:type\" content=\"article\" \/>\n<meta property=\"og:title\" content=\"\u0141\u00f3\u017ceczko transformowalne 140x70 - Timoore\" \/>\n<meta property=\"og:description\" content=\"oznaczenie produktu: T08-12-B T08-12-G &nbsp; \u201e\u0141\u00f3\u017ceczko Elle\u201d to mebel, kt\u00f3ry ro\u015bnie razem z dzieckiem. Unikalna konstrukcja mebla pozwala na \u0142atwe przetransformowanie typowego, niemowl\u0119cego \u0142\u00f3\u017ceczka w wygodny, dzieci\u0119cy tapczanik. Wyrafinowana forma \u0142\u00f3\u017ceczka, oraz charakterystyczne dla ca\u0142ej kolekcji subtelne nogi tworz\u0105 oryginaln\u0105, a jednocze\u015bnie sp\u00f3jn\u0105 z pozosta\u0142ymi meblami ca\u0142o\u015b\u0107. Dodatkowo \u0142\u00f3\u017ceczko mo\u017cna doposa\u017cy\u0107 w ochronn\u0105 barierk\u0119 oraz dodatki tapicerowane w najmodniejszych pastelowych kolorach. &nbsp; \u0141\u00f3\u017ceczko wykonane zgodnie z normami europejskimi PN-EN 716-1:2010 oraz PN-EN 716-2:2010. W\u0142oski lakier wykorzystany do pomalowania jest bezpieczny dla dziecka antylaergiczny, odpowiada wymaganiom normy europejskiej EN 71-3: 1994 &nbsp; Podobnie jak pozosta\u0142e meble z kolekcji \u201eElle\u201d \u0142\u00f3\u017cko wyst\u0119puje w dw\u00f3ch wersjach kolorystycznych : bia\u0142o -bukowej oraz bia\u0142o- popielatej. &nbsp; G\u0142\u00f3wne cechy:   klasyczne wzornictwo  mo\u017cliwo\u015b\u0107 przekszta\u0142cenia w tapczanik  regulowana wysoko\u015b\u0107 le\u017cyska  dwie odmiany kolorystyczne  stabilna konstrukcja  &nbsp; Dodatkowe informacje:  do \u0142\u00f3\u017ceczka pasuje materac o wymiarach: 140cmx70 cm przeznaczone dla dzieci 0-3 lat \u0142\u00f3\u017ceczko posiada 3 regulacje wysoko\u015bci oraz 2 wyjmowane szczebelki. &nbsp;     wysoko\u015b\u0107: 84 \/ 50 cm   szeroko\u015b\u0107: 75 cm   d\u0142ugo\u015b\u0107: 146 cm   kolorystyka: bia\u0142y + buk \/ popielaty     Uwagi Produkt do samodzielnego monta\u017cu. Producent zastrzega sobie prawo do zmiany wymiar\u00f3w produktu. Materac, pokrowiec na materac oraz pojemnik na po\u015bciel jest osobn\u0105 pozycj\u0105 w cenniku kolekcji.\" \/>\n<meta property=\"og:url\" content=\"https:\/\/timoore.eu\/pl\/k\/kolekcja-elle\/lozeczko-transformowalne-140x70\/\" \/>\n<meta property=\"og:site_name\" content=\"Timoore\" \/>\n<meta property=\"article:publisher\" content=\"https:\/\/www.facebook.com\/MebleABSYNTH\" \/>\n<meta property=\"article:modified_time\" content=\"2020-12-29T12:25:25+00:00\" \/>\n<meta property=\"og:image\" content=\"https:\/\/timoore.eu\/wp-content\/uploads\/2020\/12\/T08-12.jpg\" \/>\n\t<meta property=\"og:image:width\" content=\"499\" \/>\n\t<meta property=\"og:image:height\" content=\"421\" \/>\n<meta name=\"twitter:card\" content=\"summary_large_image\" \/>\n<script type=\"application\/ld+json\" class=\"yoast-schema-graph\">{\"@context\":\"https:\/\/schema.org\",\"@graph\":[{\"@type\":\"WebSite\",\"@id\":\"https:\/\/timoore.eu\/pl\/#website\",\"url\":\"https:\/\/timoore.eu\/pl\/\",\"name\":\"Timoore\",\"description\":\"Meble tworz\\u0105 wn\\u0119trze\",\"potentialAction\":[{\"@type\":\"SearchAction\",\"target\":\"https:\/\/timoore.eu\/pl\/?s={search_term_string}\",\"query-input\":\"required name=search_term_string\"}],\"inLanguage\":\"pl-PL\"},{\"@type\":\"ImageObject\",\"@id\":\"https:\/\/timoore.eu\/k\/kolekcja-elle\/lozeczko-transformowalne-140x70\/#primaryimage\",\"inLanguage\":\"pl-PL\",\"url\":\"https:\/\/timoore.eu\/wp-content\/uploads\/2020\/12\/T08-12.jpg\",\"width\":499,\"height\":421,\"caption\":\"ELLE - \\u0142\\u00f3\\u017ceczko transformowalne 140x70\"},{\"@type\":\"WebPage\",\"@id\":\"https:\/\/timoore.eu\/k\/kolekcja-elle\/lozeczko-transformowalne-140x70\/#webpage\",\"url\":\"https:\/\/timoore.eu\/k\/kolekcja-elle\/lozeczko-transformowalne-140x70\/\",\"name\":\"\\u0141\\u00f3\\u017ceczko transformowalne 140x70 - Timoore\",\"isPartOf\":{\"@id\":\"https:\/\/timoore.eu\/pl\/#website\"},\"primaryImageOfPage\":{\"@id\":\"https:\/\/timoore.eu\/k\/kolekcja-elle\/lozeczko-transformowalne-140x70\/#primaryimage\"},\"datePublished\":\"2020-12-29T12:18:57+00:00\",\"dateModified\":\"2020-12-29T12:25:25+00:00\",\"inLanguage\":\"pl-PL\",\"potentialAction\":[{\"@type\":\"ReadAction\",\"target\":[\"https:\/\/timoore.eu\/k\/kolekcja-elle\/lozeczko-transformowalne-140x70\/\"]}]}]}<\/script>\n<!-- \/ Yoast SEO plugin. -->","_links":{"self":[{"href":"https:\/\/timoore.eu\/pl\/wp-json\/wp\/v2\/product\/8657"}],"collection":[{"href":"https:\/\/timoore.eu\/pl\/wp-json\/wp\/v2\/product"}],"about":[{"href":"https:\/\/timoore.eu\/pl\/wp-json\/wp\/v2\/types\/product"}],"wp:featuredmedia":[{"embeddable":true,"href":"https:\/\/timoore.eu\/pl\/wp-json\/wp\/v2\/media\/8658"}],"wp:attachment":[{"href":"https:\/\/timoore.eu\/pl\/wp-json\/wp\/v2\/media?parent=8657"}],"curies":[{"name":"wp","href":"https:\/\/api.w.org\/{rel}","templated":true}]}}