{"id":8668,"date":"2020-12-29T13:53:43","date_gmt":"2020-12-29T12:53:43","guid":{"rendered":"https:\/\/timoore.com.pl\/?post_type=product&#038;p=8668"},"modified":"2020-12-29T13:56:05","modified_gmt":"2020-12-29T12:56:05","slug":"komoda-dwuszufladowa-2","status":"publish","type":"product","link":"https:\/\/timoore.eu\/pl\/k\/kolekcja-elle-special\/komoda-dwuszufladowa-2\/","title":{"rendered":"Komoda dwuszufladowa"},"content":{"rendered":"","protected":false},"excerpt":{"rendered":"<p><strong>oznaczenie produktu:<\/strong><br \/>\nT08-02-B-&#8230;<br \/>\nT08-02-G-&#8230;<br \/>\n&nbsp;<br \/>\nTrzy to za du\u017co? Mo\u017ce wystarcz\u0105 Ci dwie szuflady! Ten mebel poprzez swoj\u0105 nienarzucaj\u0105c\u0105 si\u0119 stylistyk\u0119 jest alternatyw\u0105 dla innych, bogato zdobionych kom\u00f3d proponowanych na rynku. Jego prosta a zarazem elegancka forma doskonale wpisuje si\u0119 w panuj\u0105cy obecnie w meblarstwie trend lansuj\u0105cy  naturalno\u015b\u0107 i biel, powi\u0119kszaj\u0105c\u0105 optycznie ka\u017cde pomieszczenie. Dla jeszcze wi\u0119kszej satysfakcji jej m\u0142odych u\u017cytkownik\u00f3w proponujemy mo\u017cliwo\u015b\u0107 wyposa\u017cenia front\u00f3w w specjalnie zaprojektowane panele tapicerowane. Najmodniejsze wzory: groszki, gwiazdki czy chevron z ca\u0142\u0105 pewno\u015bci\u0105 nadadz\u0105 indywidualny charakter ka\u017cdemu wn\u0119trzu. Za pomoc\u0105 naszych tkanin b\u0119dziesz m\u00f3g\u0142 zmienia\u0107 wygl\u0105d pokoju, kiedy tylko przyjdzie Ci na to ochota. Dobierz wzory i kolory \u201euszyte\u201d na Twoje potrzeby!<br \/>\n&nbsp;<br \/>\nDodaj do tego inne bry\u0142y z kolekcji ELLE  i masz doskona\u0142\u0105 baz\u0119 do stworzenia wn\u0119trza na miar\u0119 marze\u0144 Twojego dziecka!<br \/>\n&nbsp;<br \/>\nKorpus komody wykonany jest z p\u0142yty wi\u00f3rowej, melaminowanej, fronty wykonane s\u0105 z lakierowanych p\u0142yt MDF i HDF. Podstawa zrobiona z drewna bukowego wyst\u0119puje w dw\u00f3ch wersjach: lakierowanej bezbarwnie oraz w kolorze popielatym.<br \/>\n&nbsp;<\/p>\n<p><strong>G\u0142\u00f3wne cechy:<\/strong><\/p>\n<ul>\n<li>dwie opcje koloru n\u00f3g do wyboru<\/li>\n<li>tapicerowane panele front\u00f3w wykonane z bawe\u0142nianych tkanin nadaj\u0105ce si\u0119 do \u0142atwego samodzielnego mu i demonta\u017cu<\/li>\n<li>tapicerka zdejmowania do prania<\/li>\n<li>dwie pojemne szuflady  wyposa\u017cone w prowadnice kulkowe z domykiem<\/li>\n<li>sprawdzi si\u0119 zar\u00f3wno jako pojedyncza bry\u0142a, jak i mebel uzupe\u0142niaj\u0105cy kolekcj\u0119 Elle<\/li>\n<\/ul>\n<p>&nbsp;<\/p>\n<table class=\"timoore-furniture-size\">\n<tbody>\n<tr>\n<td>wysoko\u015b\u0107:<\/td>\n<td>69 cm<\/td>\n<\/tr>\n<tr>\n<td>szeroko\u015b\u0107:<\/td>\n<td>80 cm<\/td>\n<\/tr>\n<tr>\n<td>g\u0142\u0119boko\u015b\u0107:<\/td>\n<td>45 cm<\/td>\n<\/tr>\n<tr>\n<td>kolorystyka:<\/td>\n<td>bia\u0142y + buk \/ popielaty + <a href=\"https:\/\/timoore.com.pl\/wp-content\/uploads\/2020\/12\/Cotton_fabrics_list.pdf\" target=\"_blank\" rel=\"noopener noreferrer\">Tabela tkanin bawe\u0142nianych<\/a><\/td>\n<\/tr>\n<\/tbody>\n<\/table>\n<div class=\"timoore-remarks\">\n<div class=\"timoore-remarks-inner\"><strong>Uwagi<\/strong><br \/>\nProdukt do samodzielnego monta\u017cu.<br \/>\nProducent zastrzega sobie prawo do zmiany wymiar\u00f3w produktu.<\/div>\n<\/div>\n","protected":false},"featured_media":8669,"template":"","meta":{"inline_featured_image":false},"yoast_head":"<!-- This site is optimized with the Yoast SEO plugin v15.5 - https:\/\/yoast.com\/wordpress\/plugins\/seo\/ -->\n<title>Komoda dwuszufladowa - Timoore<\/title>\n<meta name=\"robots\" content=\"index, follow, max-snippet:-1, max-image-preview:large, max-video-preview:-1\" \/>\n<link rel=\"canonical\" href=\"https:\/\/timoore.eu\/pl\/k\/kolekcja-elle-special\/komoda-dwuszufladowa-2\/\" \/>\n<meta property=\"og:locale\" content=\"pl_PL\" \/>\n<meta property=\"og:type\" content=\"article\" \/>\n<meta property=\"og:title\" content=\"Komoda dwuszufladowa - Timoore\" \/>\n<meta property=\"og:description\" content=\"oznaczenie produktu: T08-02-B-... T08-02-G-... &nbsp; Trzy to za du\u017co? Mo\u017ce wystarcz\u0105 Ci dwie szuflady! Ten mebel poprzez swoj\u0105 nienarzucaj\u0105c\u0105 si\u0119 stylistyk\u0119 jest alternatyw\u0105 dla innych, bogato zdobionych kom\u00f3d proponowanych na rynku. Jego prosta a zarazem elegancka forma doskonale wpisuje si\u0119 w panuj\u0105cy obecnie w meblarstwie trend lansuj\u0105cy naturalno\u015b\u0107 i biel, powi\u0119kszaj\u0105c\u0105 optycznie ka\u017cde pomieszczenie. Dla jeszcze wi\u0119kszej satysfakcji jej m\u0142odych u\u017cytkownik\u00f3w proponujemy mo\u017cliwo\u015b\u0107 wyposa\u017cenia front\u00f3w w specjalnie zaprojektowane panele tapicerowane. Najmodniejsze wzory: groszki, gwiazdki czy chevron z ca\u0142\u0105 pewno\u015bci\u0105 nadadz\u0105 indywidualny charakter ka\u017cdemu wn\u0119trzu. Za pomoc\u0105 naszych tkanin b\u0119dziesz m\u00f3g\u0142 zmienia\u0107 wygl\u0105d pokoju, kiedy tylko przyjdzie Ci na to ochota. Dobierz wzory i kolory \u201euszyte\u201d na Twoje potrzeby! &nbsp; Dodaj do tego inne bry\u0142y z kolekcji ELLE i masz doskona\u0142\u0105 baz\u0119 do stworzenia wn\u0119trza na miar\u0119 marze\u0144 Twojego dziecka! &nbsp; Korpus komody wykonany jest z p\u0142yty wi\u00f3rowej, melaminowanej, fronty wykonane s\u0105 z lakierowanych p\u0142yt MDF i HDF. Podstawa zrobiona z drewna bukowego wyst\u0119puje w dw\u00f3ch wersjach: lakierowanej bezbarwnie oraz w kolorze popielatym. &nbsp; G\u0142\u00f3wne cechy:   dwie opcje koloru n\u00f3g do wyboru  tapicerowane panele front\u00f3w wykonane z bawe\u0142nianych tkanin nadaj\u0105ce si\u0119 do \u0142atwego samodzielnego mu i demonta\u017cu  tapicerka zdejmowania do prania  dwie pojemne szuflady wyposa\u017cone w prowadnice kulkowe z domykiem  sprawdzi si\u0119 zar\u00f3wno jako pojedyncza bry\u0142a, jak i mebel uzupe\u0142niaj\u0105cy kolekcj\u0119 Elle  &nbsp;     wysoko\u015b\u0107: 69 cm   szeroko\u015b\u0107: 80 cm   g\u0142\u0119boko\u015b\u0107: 45 cm   kolorystyka: bia\u0142y + buk \/ popielaty + Tabela tkanin bawe\u0142nianych     Uwagi Produkt do samodzielnego monta\u017cu. Producent zastrzega sobie prawo do zmiany wymiar\u00f3w produktu.\" \/>\n<meta property=\"og:url\" content=\"https:\/\/timoore.eu\/pl\/k\/kolekcja-elle-special\/komoda-dwuszufladowa-2\/\" \/>\n<meta property=\"og:site_name\" content=\"Timoore\" \/>\n<meta property=\"article:publisher\" content=\"https:\/\/www.facebook.com\/MebleABSYNTH\" \/>\n<meta property=\"article:modified_time\" content=\"2020-12-29T12:56:05+00:00\" \/>\n<meta property=\"og:image\" content=\"https:\/\/timoore.eu\/wp-content\/uploads\/2020\/12\/T08-02-B-....jpg\" \/>\n\t<meta property=\"og:image:width\" content=\"800\" \/>\n\t<meta property=\"og:image:height\" content=\"600\" \/>\n<meta name=\"twitter:card\" content=\"summary_large_image\" \/>\n<script type=\"application\/ld+json\" class=\"yoast-schema-graph\">{\"@context\":\"https:\/\/schema.org\",\"@graph\":[{\"@type\":\"WebSite\",\"@id\":\"https:\/\/timoore.eu\/pl\/#website\",\"url\":\"https:\/\/timoore.eu\/pl\/\",\"name\":\"Timoore\",\"description\":\"Meble tworz\\u0105 wn\\u0119trze\",\"potentialAction\":[{\"@type\":\"SearchAction\",\"target\":\"https:\/\/timoore.eu\/pl\/?s={search_term_string}\",\"query-input\":\"required name=search_term_string\"}],\"inLanguage\":\"pl-PL\"},{\"@type\":\"ImageObject\",\"@id\":\"https:\/\/timoore.eu\/k\/kolekcja-elle-special\/komoda-dwuszufladowa-2\/#primaryimage\",\"inLanguage\":\"pl-PL\",\"url\":\"https:\/\/timoore.eu\/wp-content\/uploads\/2020\/12\/T08-02-B-....jpg\",\"width\":800,\"height\":600,\"caption\":\"ELLE SPECIAL - komoda dwuszufladowa\"},{\"@type\":\"WebPage\",\"@id\":\"https:\/\/timoore.eu\/k\/kolekcja-elle-special\/komoda-dwuszufladowa-2\/#webpage\",\"url\":\"https:\/\/timoore.eu\/k\/kolekcja-elle-special\/komoda-dwuszufladowa-2\/\",\"name\":\"Komoda dwuszufladowa - Timoore\",\"isPartOf\":{\"@id\":\"https:\/\/timoore.eu\/pl\/#website\"},\"primaryImageOfPage\":{\"@id\":\"https:\/\/timoore.eu\/k\/kolekcja-elle-special\/komoda-dwuszufladowa-2\/#primaryimage\"},\"datePublished\":\"2020-12-29T12:53:43+00:00\",\"dateModified\":\"2020-12-29T12:56:05+00:00\",\"inLanguage\":\"pl-PL\",\"potentialAction\":[{\"@type\":\"ReadAction\",\"target\":[\"https:\/\/timoore.eu\/k\/kolekcja-elle-special\/komoda-dwuszufladowa-2\/\"]}]}]}<\/script>\n<!-- \/ Yoast SEO plugin. -->","_links":{"self":[{"href":"https:\/\/timoore.eu\/pl\/wp-json\/wp\/v2\/product\/8668"}],"collection":[{"href":"https:\/\/timoore.eu\/pl\/wp-json\/wp\/v2\/product"}],"about":[{"href":"https:\/\/timoore.eu\/pl\/wp-json\/wp\/v2\/types\/product"}],"wp:featuredmedia":[{"embeddable":true,"href":"https:\/\/timoore.eu\/pl\/wp-json\/wp\/v2\/media\/8669"}],"wp:attachment":[{"href":"https:\/\/timoore.eu\/pl\/wp-json\/wp\/v2\/media?parent=8668"}],"curies":[{"name":"wp","href":"https:\/\/api.w.org\/{rel}","templated":true}]}}